{"id":2,"date":"2025-03-24T15:23:06","date_gmt":"2025-03-24T15:23:06","guid":{"rendered":"https:\/\/www.joogasalonki.fi\/?page_id=2"},"modified":"2026-04-30T07:53:01","modified_gmt":"2026-04-30T07:53:01","slug":"ajankohtaista","status":"publish","type":"page","link":"https:\/\/www.joogasalonki.fi\/index.php\/ajankohtaista\/","title":{"rendered":"Ajankohtaista"},"content":{"rendered":"\n<figure class=\"wp-block-image size-full\"><img loading=\"lazy\" decoding=\"async\" width=\"832\" height=\"466\" src=\"https:\/\/www.joogasalonki.fi\/wp-content\/uploads\/2025\/03\/cropped-Joogasalonki-1.jpg\" alt=\"\" class=\"wp-image-20\" srcset=\"https:\/\/www.joogasalonki.fi\/wp-content\/uploads\/2025\/03\/cropped-Joogasalonki-1.jpg 832w, https:\/\/www.joogasalonki.fi\/wp-content\/uploads\/2025\/03\/cropped-Joogasalonki-1-300x168.jpg 300w, https:\/\/www.joogasalonki.fi\/wp-content\/uploads\/2025\/03\/cropped-Joogasalonki-1-768x430.jpg 768w\" sizes=\"auto, (max-width: 832px) 100vw, 832px\" \/><\/figure>\n\n\n\n<div style=\"height:49px\" aria-hidden=\"true\" class=\"wp-block-spacer\"><\/div>\n\n\n\n<h3 class=\"wp-block-heading\">Kev\u00e4tkauden 2026&nbsp;<a href=\"https:\/\/www.joogasalonki.fi\/index.php\/viikkotunnit\/\" data-type=\"link\" data-id=\"https:\/\/www.joogasalonki.fi\/index.php\/viikkotunnit\/\"><em>viikkotunnit<\/em><\/a>&nbsp;<\/h3>\n\n\n\n<p>\u2022 ovat <strong>tiistaisin, keskiviikkoisin, torstaisin ja sunnuntaisin,<\/strong> <a href=\"https:\/\/www.joogasalonki.fi\/index.php\/viikkotunnit\/\" data-type=\"page\" data-id=\"65\"><em><strong>katso tuntikuvaukset<\/strong><\/em><\/a><\/p>\n\n\n\n<div style=\"height:9px\" aria-hidden=\"true\" class=\"wp-block-spacer\"><\/div>\n\n\n\n<div style=\"height:47px\" aria-hidden=\"true\" class=\"wp-block-spacer\"><\/div>\n\n\n\n<h3 class=\"wp-block-heading\">Poikkeukset ja muu ajankohtainen muutos:<\/h3>\n\n\n\n<p>\u2022 <strong>UUSI aamujooga<\/strong> tiistaisin klo 7.15-9.00, <a href=\"https:\/\/www.joogasalonki.fi\/index.php\/viikkotunnit\/\" data-type=\"page\" data-id=\"65\">omatoimitunti!<\/a> Alkaa 24.3.<\/p>\n\n\n\n<div style=\"height:32px\" aria-hidden=\"true\" class=\"wp-block-spacer\"><\/div>\n\n\n\n<h3 class=\"wp-block-heading\">Kurssit, teematunnit ja retriitit:<\/h3>\n\n\n\n<p>\u2022 <strong>Grounding Yin<\/strong>&nbsp;-teematunnit kerran kuussa lauantaisin:  9.5. \/ 6.6. <em><strong><a href=\"https:\/\/www.joogasalonki.fi\/index.php\/minikurssit-ja-teematunnit\/\" data-type=\"link\" data-id=\"https:\/\/www.joogasalonki.fi\/index.php\/minikurssit-ja-teematunnit\/\">kts. teematunnit<\/a><\/strong><\/em><\/p>\n\n\n\n<p>\u2022 <strong><em><a href=\"https:\/\/www.joogasalonki.fi\/index.php\/retriitit\/\" data-type=\"page\" data-id=\"91\">Tulevat &nbsp;retriitit <\/a><\/em><\/strong> Astangan kes\u00e4retriitti <strong>Joogasalongissa<\/strong> 2026 on t\u00e4ynn\u00e4, peruutuspaikkajonoon voi ilmoittautua. Astangaretriitille <strong>Kreikassa<\/strong> syyskuussa 2026 on  paikkoja vapaana sek\u00e4 ohjattuun alkeisharjoitukseen ett\u00e4 mysoreryhm\u00e4\u00e4n.<\/p>\n\n\n\n<div style=\"height:50px\" aria-hidden=\"true\" class=\"wp-block-spacer\"><\/div>\n\n\n\n<h3 class=\"wp-block-heading\">Ilmoittautuminen:<\/h3>\n\n\n\n<p> \u2022 Joogasalongin ilmoittautumisohjelmaan p\u00e4\u00e4set suoraan t\u00e4st\u00e4: <em><strong>&nbsp;<a href=\"https:\/\/slotti.fi\/booking\/joogasalonki\/\" target=\"_blank\" rel=\"noreferrer noopener\">Slotti-varausohjelmassa<\/a><\/strong><\/em>&nbsp;ilmoittautuminen on helppoa nimell\u00e4 ja s\u00e4hk\u00f6postiosoitteella, ei tarvita tunnusten luomista.<\/p>\n\n\n\n<p> \u2022 Viikkotunneille ilmoittautumiset ovat auki samana p\u00e4iv\u00e4n\u00e4 klo 12.00 asti&nbsp;<a href=\"https:\/\/slotti.fi\/booking\/joogasalonki\/#\/\" target=\"_blank\" rel=\"noreferrer noopener\"><em><strong>Slotissa<\/strong><\/em><\/a>, ja sen j\u00e4lkeen viime hetken ilmoittautumiset onnistuu ohjaajalle tekstiviestin\u00e4 (kts. puhelinnumerot ohjaajien esittelyst\u00e4). Tunti voidaan perua ennakkoilmoittautumisten ollessa klo 12.00 menness\u00e4 vain 1-2 henkil\u00f6\u00e4, joten ensisijaisesti toivomme ilmoittautumisia ajoissa!<\/p>\n\n\n\n<p>Lue lis\u00e4\u00e4<a href=\"https:\/\/joogasalonki.fi\/Ilmoittautumisohjeet\/\">&nbsp;<\/a><em><strong><a href=\"https:\/\/www.joogasalonki.fi\/index.php\/ilmoittautumisohjeet\/\" data-type=\"link\" data-id=\"https:\/\/www.joogasalonki.fi\/index.php\/ilmoittautumisohjeet\/\">ilmoittautumisesta<\/a>.<\/strong><\/em><\/p>\n\n\n\n<p><\/p>\n","protected":false},"excerpt":{"rendered":"<p>Kev\u00e4tkauden 2026&nbsp;viikkotunnit&nbsp; \u2022 ovat tiistaisin, keskiviikkoisin, torstaisin ja sunnuntaisin, katso tuntikuvaukset Poikkeukset ja muu ajankohtainen muutos: \u2022 UUSI aamujooga tiistaisin klo 7.15-9.00, omatoimitunti! Alkaa 24.3. Kurssit, teematunnit ja retriitit: \u2022 Grounding Yin&nbsp;-teematunnit kerran kuussa lauantaisin: 9.5. \/ 6.6. kts. teematunnit \u2022 Tulevat &nbsp;retriitit Astangan kes\u00e4retriitti Joogasalongissa 2026 on t\u00e4ynn\u00e4, peruutuspaikkajonoon voi ilmoittautua. Astangaretriitille Kreikassa syyskuussa <a class=\"read-more\" href=\"https:\/\/www.joogasalonki.fi\/index.php\/ajankohtaista\/\">READ MORE<\/a><\/p>\n","protected":false},"author":1,"featured_media":0,"parent":0,"menu_order":0,"comment_status":"closed","ping_status":"closed","template":"","meta":{"footnotes":""},"class_list":["post-2","page","type-page","status-publish","hentry"],"_links":{"self":[{"href":"https:\/\/www.joogasalonki.fi\/index.php\/wp-json\/wp\/v2\/pages\/2","targetHints":{"allow":["GET"]}}],"collection":[{"href":"https:\/\/www.joogasalonki.fi\/index.php\/wp-json\/wp\/v2\/pages"}],"about":[{"href":"https:\/\/www.joogasalonki.fi\/index.php\/wp-json\/wp\/v2\/types\/page"}],"author":[{"embeddable":true,"href":"https:\/\/www.joogasalonki.fi\/index.php\/wp-json\/wp\/v2\/users\/1"}],"replies":[{"embeddable":true,"href":"https:\/\/www.joogasalonki.fi\/index.php\/wp-json\/wp\/v2\/comments?post=2"}],"version-history":[{"count":129,"href":"https:\/\/www.joogasalonki.fi\/index.php\/wp-json\/wp\/v2\/pages\/2\/revisions"}],"predecessor-version":[{"id":947,"href":"https:\/\/www.joogasalonki.fi\/index.php\/wp-json\/wp\/v2\/pages\/2\/revisions\/947"}],"wp:attachment":[{"href":"https:\/\/www.joogasalonki.fi\/index.php\/wp-json\/wp\/v2\/media?parent=2"}],"curies":[{"name":"wp","href":"https:\/\/api.w.org\/{rel}","templated":true}]}}