{"id":252,"date":"2025-03-27T14:04:17","date_gmt":"2025-03-27T14:04:17","guid":{"rendered":"https:\/\/www.joogasalonki.fi\/?page_id=252"},"modified":"2026-04-22T06:41:20","modified_gmt":"2026-04-22T06:41:20","slug":"kesaretriitti-2025","status":"publish","type":"page","link":"https:\/\/www.joogasalonki.fi\/index.php\/retriitit\/kesaretriitti-2025\/","title":{"rendered":"Kes\u00e4retriitti 2026"},"content":{"rendered":"\n<h5 class=\"wp-block-heading\">Astangajoogan kes\u00e4retriitti Joogasalongissa 22.-28.6.2026 <\/h5>\n\n\n\n<p>** Retriitti on t\u00e4ynn\u00e4, peruutuspaikkajonoon voi ilmoittautua.  **<\/p>\n\n\n\n<div style=\"height:40px\" aria-hidden=\"true\" class=\"wp-block-spacer\"><\/div>\n\n\n\n<figure class=\"wp-block-gallery has-nested-images columns-default is-cropped wp-block-gallery-1 is-layout-flex wp-block-gallery-is-layout-flex\">\n<figure class=\"wp-block-image size-large\"><img loading=\"lazy\" decoding=\"async\" width=\"768\" height=\"1024\" data-id=\"253\" src=\"https:\/\/www.joogasalonki.fi\/wp-content\/uploads\/2025\/03\/kesaretriitti1-768x1024.jpg\" alt=\"\" class=\"wp-image-253\" srcset=\"https:\/\/www.joogasalonki.fi\/wp-content\/uploads\/2025\/03\/kesaretriitti1-768x1024.jpg 768w, https:\/\/www.joogasalonki.fi\/wp-content\/uploads\/2025\/03\/kesaretriitti1-225x300.jpg 225w, https:\/\/www.joogasalonki.fi\/wp-content\/uploads\/2025\/03\/kesaretriitti1-1152x1536.jpg 1152w, https:\/\/www.joogasalonki.fi\/wp-content\/uploads\/2025\/03\/kesaretriitti1.jpg 1280w\" sizes=\"auto, (max-width: 768px) 100vw, 768px\" \/><\/figure>\n\n\n\n<figure class=\"wp-block-image size-large\"><img loading=\"lazy\" decoding=\"async\" width=\"768\" height=\"1024\" data-id=\"254\" src=\"https:\/\/www.joogasalonki.fi\/wp-content\/uploads\/2025\/03\/kesaretriitti2-768x1024.jpg\" alt=\"\" class=\"wp-image-254\" srcset=\"https:\/\/www.joogasalonki.fi\/wp-content\/uploads\/2025\/03\/kesaretriitti2-768x1024.jpg 768w, https:\/\/www.joogasalonki.fi\/wp-content\/uploads\/2025\/03\/kesaretriitti2-225x300.jpg 225w, https:\/\/www.joogasalonki.fi\/wp-content\/uploads\/2025\/03\/kesaretriitti2-1152x1536.jpg 1152w, https:\/\/www.joogasalonki.fi\/wp-content\/uploads\/2025\/03\/kesaretriitti2.jpg 1280w\" sizes=\"auto, (max-width: 768px) 100vw, 768px\" \/><\/figure>\n<\/figure>\n\n\n\n<figure class=\"wp-block-image size-large\"><img loading=\"lazy\" decoding=\"async\" width=\"1024\" height=\"768\" src=\"https:\/\/www.joogasalonki.fi\/wp-content\/uploads\/2025\/03\/kesaretriitti3-1024x768.jpg\" alt=\"\" class=\"wp-image-255\" srcset=\"https:\/\/www.joogasalonki.fi\/wp-content\/uploads\/2025\/03\/kesaretriitti3-1024x768.jpg 1024w, https:\/\/www.joogasalonki.fi\/wp-content\/uploads\/2025\/03\/kesaretriitti3-300x225.jpg 300w, https:\/\/www.joogasalonki.fi\/wp-content\/uploads\/2025\/03\/kesaretriitti3-768x576.jpg 768w, https:\/\/www.joogasalonki.fi\/wp-content\/uploads\/2025\/03\/kesaretriitti3.jpg 1280w\" sizes=\"auto, (max-width: 1024px) 100vw, 1024px\" \/><\/figure>\n\n\n\n<div style=\"height:30px\" aria-hidden=\"true\" class=\"wp-block-spacer\"><\/div>\n\n\n\n<h5 class=\"wp-block-heading\">Kes\u00e4retriitti j\u00e4rjestet\u00e4\u00e4n 15. kerran. Aloitamme j\u00e4lleen&nbsp;juhannuksen j\u00e4lkeisen\u00e4 maanantaina.&nbsp; &nbsp;<\/h5>\n\n\n\n<p>Tule j\u00e4lleen, taikka ensi kertaa, l\u00f6yt\u00e4m\u00e4\u00e4n el\u00e4m\u00e4nvoimaa ja joogaharjoittelun iloa ja antoisuutta Joogasalongin rauhaan, kauniiseen Vanhaan V\u00e4\u00e4ksyyn. Retriittiohjelmassa on aamuisin astangajoogan liikeharjoitukset mysoretyyliin, sek\u00e4 syvent\u00e4v\u00e4t joogatunnit iltap\u00e4ivisin: rentouttavaa yinjoogaa, meditaatiota, pranayamaa, syvent\u00e4vi\u00e4 asanaharjoituksia ja tekniikkaa, sek\u00e4 joogafilosofiaa. Retriittikeitti\u00f6 tarjoilee herkullista ja laadukasta vegaanista kasvisruokaa.<\/p>\n\n\n\n<p>Kes\u00e4retriitill\u00e4 erityist\u00e4 ovat tietysti my\u00f6s Suomen kes\u00e4, Vesij\u00e4rven ja P\u00e4ij\u00e4nteen rannat, luonto ja sauna!<\/p>\n\n\n\n<p>Retriitti sopii&nbsp;astangajoogan alkeisiin tutustuneille ja&nbsp;my\u00f6s konkareille!<\/p>\n\n\n\n<p>OHJAAJAT<\/p>\n\n\n\n<p><a href=\"https:\/\/www.joogasalonki.fi\/index.php\/ohjaajat\/linda-taakala\/\" data-type=\"link\" data-id=\"https:\/\/www.joogasalonki.fi\/index.php\/ohjaajat\/linda-taakala\/\">Linda Taakala<\/a>&nbsp;ja&nbsp;<a href=\"https:\/\/www.frankkappas.fi\/\" target=\"_blank\" rel=\"noreferrer noopener\">Frank Kappas<\/a>,&nbsp;Astangajooga&nbsp;<\/p>\n\n\n\n<p>Emilia Kujala,&nbsp; Yinjooga ja vapaa liike<\/p>\n\n\n\n<p>&#8221;Atmananda&#8221; Jura Mikkola, pranayama ja mantrameditaatio<\/p>\n\n\n\n<p>Kokkina Tomi Stanckevitsch<\/p>\n\n\n\n<p>max. 35 osallistujaa<\/p>\n\n\n\n<div style=\"height:40px\" aria-hidden=\"true\" class=\"wp-block-spacer\"><\/div>\n\n\n\n<h3 class=\"wp-block-heading\">P\u00c4IV\u00c4OHJELMA <\/h3>\n\n\n\n<p>(alustava suunnitelma)<\/p>\n\n\n\n<p>6.00\/ 8.00\/ 10.00&nbsp;asanaharjoitukset<\/p>\n\n\n\n<p>Astangan aamuharjoitusryhm\u00e4t ovat p\u00e4ivitt\u00e4in kymmenen henkil\u00f6n ryhmiss\u00e4. &nbsp;Ryhmiss\u00e4 ei ole tasoeroja ja jokainen joogaa omaa astangaharjoitustaan &#8221;mysoretyylill\u00e4&#8221; opettajien yksil\u00f6llisess\u00e4 ohjauksessa.&nbsp;Ohjaajina <a href=\"https:\/\/www.frankkappas.fi\/\" data-type=\"link\" data-id=\"https:\/\/www.frankkappas.fi\/\">Frank Kappas<\/a> ja <a href=\"https:\/\/www.joogasalonki.fi\/index.php\/ohjaajat\/linda-taakala\/\" data-type=\"link\" data-id=\"https:\/\/www.joogasalonki.fi\/index.php\/ohjaajat\/linda-taakala\/\">Linda Taakala<\/a><\/p>\n\n\n\n<p>8.30-10.30&nbsp; aamiainen retriittikeitti\u00f6st\u00e4 Joogasalongilla<\/p>\n\n\n\n<p>12.30-13.30&nbsp;&nbsp;lounas Joogasalongilla<\/p>\n\n\n\n<p>14.00-18.00 &nbsp;syvent\u00e4v\u00e4t harjoitukset, 1-3 ryhm\u00e4ss\u00e4 riippuen ohjelmasta. P\u00e4ivitt\u00e4in vaihtuva ohjelma.<\/p>\n\n\n\n<p>18.00&nbsp; &nbsp;pranayama \/mantrameditaatio<\/p>\n\n\n\n<p>18.30-&gt;&nbsp;p\u00e4iv\u00e4llinen Joogasalongilla<\/p>\n\n\n\n<p>sauna &nbsp;(omassa majoituspaikassa tai rantasaunalla)<\/p>\n\n\n\n<p>21.00-21.30&nbsp; meditaatio Joogasalongissa, ohjaajana Frank Kappas<\/p>\n\n\n\n<div style=\"height:40px\" aria-hidden=\"true\" class=\"wp-block-spacer\"><\/div>\n\n\n\n<h3 class=\"wp-block-heading\">MAJOITUS<\/h3>\n\n\n\n<p>V\u00e4\u00e4ksyn&nbsp;<a href=\"http:\/\/www.apteekinmajoitus.fi\/\" target=\"_blank\" rel=\"noreferrer noopener\">Apteekin majoituksessa<\/a><\/p>\n\n\n\n<p>Retriitill\u00e4 on my\u00f6s telttailumahdollisuus.<\/p>\n\n\n\n<div style=\"height:40px\" aria-hidden=\"true\" class=\"wp-block-spacer\"><\/div>\n\n\n\n<h2 class=\"wp-block-heading\">HINNAT<\/h2>\n\n\n\n<h5 class=\"wp-block-heading\"><\/h5>\n\n\n\n<p>KOKONAISHINNAT&nbsp;&nbsp;sis. kaikki; joogaohjelma, aamiainen, lounas+p\u00e4iv\u00e4llinen ja majoitus:<\/p>\n\n\n\n<ul class=\"wp-block-list\">\n<li>Kokonaisuus 1hh, 1133 \u20ac<\/li>\n\n\n\n<li>Kokonaisuus&nbsp;jaetussa&nbsp;2hh, &nbsp;983&nbsp;&nbsp;\u20ac<\/li>\n\n\n\n<li>Kokonaisuus jaetussa 3hh, 923 \u20ac<\/li>\n\n\n\n<li>Kokonaisuus teltassa, 755 \u20ac<\/li>\n<\/ul>\n\n\n\n<p>Hinnat eriteltyn\u00e4&nbsp;&nbsp;(mik\u00e4li otat vain osia kokonaisuudesta):<\/p>\n\n\n\n<ul class=\"wp-block-list\">\n<li>330 \u20ac joogaohjelma<\/li>\n\n\n\n<li>260 \u20ac ruuat: lounas ja p\u00e4iv\u00e4llinen, ja sunnuntain brunssi<\/li>\n\n\n\n<li>45 \u20ac&nbsp;&nbsp;aamiaiset TI-LA<\/li>\n<\/ul>\n\n\n\n<p>Majoitus:<\/p>\n\n\n\n<ul class=\"wp-block-list\">\n<li>498 \u20ac &nbsp;Apteekin majoituksessa 1 hh &nbsp;(ei sis. aamiaista)<\/li>\n\n\n\n<li>348 \u20ac &nbsp;Apteekin majoituksessa 2 hh &nbsp;(ei sis. aamiaista)<\/li>\n\n\n\n<li>288 \u20ac &nbsp;Apteekin majoituksessa 3 hh &nbsp;(ei sis. aamiaista)<\/li>\n\n\n\n<li>120 \u20ac telttamajoitus Joogasalongin puutarhassa &nbsp;(ei sis. aamiaista)<\/li>\n<\/ul>\n\n\n\n<p>Ilmoittautumiset ovat sitovia 30.4.2026 j\u00e4lkeen, jonka j\u00e4lkeen peruessa tulee 150 \u20ac peruutusmaksu.<\/p>\n\n\n\n<div style=\"height:40px\" aria-hidden=\"true\" class=\"wp-block-spacer\"><\/div>\n\n\n\n<p>Ilmoittautumiset (my\u00f6s majoitusvaraukset) ja osallistumista koskevat kysymykset Lindalle kontakti (at) lindamaria.fi &nbsp; tai &nbsp; 044-282 0106.<\/p>\n\n\n\n<p>Olet syd\u00e4mellisesti tervetullut!<\/p>\n\n\n\n<div style=\"height:100px\" aria-hidden=\"true\" class=\"wp-block-spacer\"><\/div>\n","protected":false},"excerpt":{"rendered":"<p>Astangajoogan kes\u00e4retriitti Joogasalongissa 22.-28.6.2026 ** Retriitti on t\u00e4ynn\u00e4, peruutuspaikkajonoon voi ilmoittautua. ** Kes\u00e4retriitti j\u00e4rjestet\u00e4\u00e4n 15. kerran. Aloitamme j\u00e4lleen&nbsp;juhannuksen j\u00e4lkeisen\u00e4 maanantaina.&nbsp; &nbsp; Tule j\u00e4lleen, taikka ensi kertaa, l\u00f6yt\u00e4m\u00e4\u00e4n el\u00e4m\u00e4nvoimaa ja joogaharjoittelun iloa ja antoisuutta Joogasalongin rauhaan, kauniiseen Vanhaan V\u00e4\u00e4ksyyn. Retriittiohjelmassa on aamuisin astangajoogan liikeharjoitukset mysoretyyliin, sek\u00e4 syvent\u00e4v\u00e4t joogatunnit iltap\u00e4ivisin: rentouttavaa yinjoogaa, meditaatiota, pranayamaa, syvent\u00e4vi\u00e4 asanaharjoituksia ja <a class=\"read-more\" href=\"https:\/\/www.joogasalonki.fi\/index.php\/retriitit\/kesaretriitti-2025\/\">READ MORE<\/a><\/p>\n","protected":false},"author":1,"featured_media":0,"parent":91,"menu_order":0,"comment_status":"closed","ping_status":"closed","template":"","meta":{"footnotes":""},"class_list":["post-252","page","type-page","status-publish","hentry"],"_links":{"self":[{"href":"https:\/\/www.joogasalonki.fi\/index.php\/wp-json\/wp\/v2\/pages\/252","targetHints":{"allow":["GET"]}}],"collection":[{"href":"https:\/\/www.joogasalonki.fi\/index.php\/wp-json\/wp\/v2\/pages"}],"about":[{"href":"https:\/\/www.joogasalonki.fi\/index.php\/wp-json\/wp\/v2\/types\/page"}],"author":[{"embeddable":true,"href":"https:\/\/www.joogasalonki.fi\/index.php\/wp-json\/wp\/v2\/users\/1"}],"replies":[{"embeddable":true,"href":"https:\/\/www.joogasalonki.fi\/index.php\/wp-json\/wp\/v2\/comments?post=252"}],"version-history":[{"count":35,"href":"https:\/\/www.joogasalonki.fi\/index.php\/wp-json\/wp\/v2\/pages\/252\/revisions"}],"predecessor-version":[{"id":945,"href":"https:\/\/www.joogasalonki.fi\/index.php\/wp-json\/wp\/v2\/pages\/252\/revisions\/945"}],"up":[{"embeddable":true,"href":"https:\/\/www.joogasalonki.fi\/index.php\/wp-json\/wp\/v2\/pages\/91"}],"wp:attachment":[{"href":"https:\/\/www.joogasalonki.fi\/index.php\/wp-json\/wp\/v2\/media?parent=252"}],"curies":[{"name":"wp","href":"https:\/\/api.w.org\/{rel}","templated":true}]}}